{"id":145,"date":"2020-12-17T17:12:23","date_gmt":"2020-12-17T17:12:23","guid":{"rendered":"https:\/\/fuente.archimadrid.es\/?page_id=145"},"modified":"2020-12-17T17:16:33","modified_gmt":"2020-12-17T17:16:33","slug":"evangelios-para-la-celebracion-del-matrimonio","status":"publish","type":"page","link":"https:\/\/fuente.archimadrid.es\/index.php\/evangelios-para-la-celebracion-del-matrimonio\/","title":{"rendered":"EVANGELIOS para la celebraci\u00f3n del Matrimonio"},"content":{"rendered":"\n<p>I<\/p>\n\n\n\n<p>Lectura del santo Evangelio seg\u00fan San Mateo: 5, 1-12a<\/p>\n\n\n\n<p>En aquel tiempo, al ver Jes\u00fas al gent\u00edo, subi\u00f3 a la monta\u00f1a, se sent\u00f3, y se acercaron sus disc\u00edpulos; y \u00e9l se puso a hablar ense\u00f1\u00e1ndoles: Dichosos los pobres en el esp\u00edritu, porque de ellos es el Reino de los Cielos. Dichosos los sufridos, porque ellos heredar\u00e1n la Tierra. Dichosos los que lloran, porque ellos ser\u00e1n consolados. Dichosos los que tienen hambre y sed de la justicia, porque ellos quedar\u00e1n saciados. Dichosos los limpios de coraz\u00f3n, porque ellos ver\u00e1n a Dios. Dichosos los que trabajan por la paz, porque ellos se llamar\u00e1n los hijos de Dios. Dichosos los perseguidos Por causa de la justicia, porque lo ellos es el Reino de los cielos. Dichosos vosotros cuando os insulten y os persigan, y os calumnien de cualquier modo por mi causa. Estad alegres y contentos, porque vuestra recompensa ser\u00e1 grande en el cielo.<\/p>\n\n\n\n<p>II<\/p>\n\n\n\n<p>Lectura del santo Evangelio seg\u00fan San Mateo: 5, 13-16<\/p>\n\n\n\n<p>En aquel tiempo, dijo Jes\u00fas a sus disc\u00edpulos: Vosotros sois la sal de la tierra. Pero si la sal se vuelve sosa, \u00bfcon qu\u00e9 ha salar\u00e1n? No sirve m\u00e1s que para tirarla fuera y que la pise la gente. Vosotros sois la luz del mundo- No se puede ocultar una ciudad puesta en lo alto de un monte: tampoco se enciende una vela para meterla debajo del celem\u00edn, sino para ponerla en el candelero, y que alumbre a todos los de casa. Alumbre as\u00ed vuestra luz a los hombres, para que vean vuestras buenas obras, y den gloria a vuestro Padre que est\u00e1 en el cielo.<\/p>\n\n\n\n<p>III<\/p>\n\n\n\n<p>Lectura del santo Evangelio seg\u00fan San Mateo: 7, 21. 24-29<\/p>\n\n\n\n<p>En aquel tiempo, dijo Jes\u00fas a sus disc\u00edpulos: No todo el que me dice \u201c\u00a1Se\u00f1or, Se\u00f1or!\u201d Entrar\u00e1 en el Reino de los cielos, sino el que cumple la voluntad de mi Padre que est\u00e1 en el cielo. El que escucha estas palabras m\u00edas y las pone en pr\u00e1ctica se parece a aquel hombre prudente que edific\u00f3 su casa sobre roca. Cay\u00f3 la lluvia, se salieron los r\u00edos, soplaron los vientos y descargaron contra la casa; pero no se hundi\u00f3 porque estaba cimentada sobre roca. El que escucha estas palabras m\u00edas y no las pone en pr\u00e1ctica se parece a aquel hombre necio que edific\u00f3 su casa sobre arena. Cay\u00f3 la lluvia, se salieron los r\u00edos, soplaron los vientos y rompieron contra la casa; y se hundi\u00f3 totalmente. Al terminar Jes\u00fas este discurso, la gente estaba admirada de su ense\u00f1anza, porque les ense\u00f1aba con autoridad y no como los letrados.<\/p>\n\n\n\n<p>IV<br>Lectura del santo Evangelio seg\u00fan San Mateo: 19, 3-6<\/p>\n\n\n\n<p>En aquel tiempo, se acercaron a Jes\u00fas unos fariseos y le preguntaron para ponerlo a prueba: -\u00bfEs l\u00edcito a uno despedir a su mujer por cualquier motivo? \u00c9l les respondi\u00f3: -\u00bfNo hab\u00e9is le\u00eddo.que el Creador en el principio los cre\u00f3 hombre y mujer, y dijo: \u00abPor eso abandonar\u00e1 el hombre a su padre y a su madre, y se unir\u00e1 a su mujer, y ser\u00e1n los dos una sola carne\u00bb? De modo que ya no son dos sino una sola carne\u2026 Pues lo que Dios ha unido que no lo separe el hombre.<\/p>\n\n\n\n<p>V<br>Lectura del santo Evangelio seg\u00fan San Mateo: 22, 35-40<\/p>\n\n\n\n<p>En aquel tiempo, un fariseo, doctor de la ley pregunt\u00f3 a Jes\u00fas para ponerlo a prueba: -Maestro, \u00bfcu\u00e1l es el mandamiento principal de la Ley? \u00c9l le dijo: -Amar\u00e1s al Se\u00f1or tu Dios con todo tu coraz\u00f3n, con toda tu alma, con todo tu ser. Este mandamiento es el principal y primero. El segundo es semejante a \u00e9l: -Amar\u00e1s a tu pr\u00f3jimo como a ti mismo. Estos dos mandamientos sostienen la Ley entera y los profetas.<\/p>\n\n\n\n<p>VI<br>Lectura del santo Evangelio seg\u00fan San Marcos: 10, 6-9<\/p>\n\n\n\n<p>En aquel tiempo, dijo Jes\u00fas: -Al principio de la creaci\u00f3n, Dios los cre\u00f3 hombre y mujer. Por eso abandonar\u00e1 el hombre a su padre y a su madre y se unir\u00e1 a su mujer, y ser\u00e1n los dos una sola carne. Lo que Dios ha unido que no lo separe el hombre.<\/p>\n\n\n\n<p>VII<br>Lectura del santo Evangelio seg\u00fan San Juan: 2, 1-11<\/p>\n\n\n\n<p>En aquel tiempo, hab\u00eda una boda en Can\u00e1 de Galilea y la madre de Jes\u00fas estaba all\u00ed; Jes\u00fas y sus disc\u00edpulos estaban tambi\u00e9n invitados a la boda. Falt\u00f3 el vino y la madre de Jes\u00fas le dice: -No les queda vino. Jes\u00fas le contesta: -Mujer, d\u00e9jame: todav\u00eda no ha llegado mi hora. Su madre dice a los sirvientes: -Haced lo que \u00e9l os diga. Hab\u00eda all\u00ed colocadas seis tinajas de -piedra, para las purificaciones de los jud\u00edos, de unos cien litros cada Jes\u00fas les dice: -Llenad las tinajas de agua. Y las llenaron hasta arriba. Entonces les manda: -Sacad ahora y llev\u00e1dselo al mayordomo. Ellos se lo llevaron. El mayordomo prob\u00f3 el agua convertida en vino, sin saber de d\u00f3nde ven\u00eda (los sirvientes s\u00ed lo sab\u00edan, pues hab\u00edan sacado el agua), y entonces llama al novio y le dice: lo _Todo el mundo pone primero el vino bueno, y cuando ya est\u00e1n bebidos el malo; T\u00fa, en cambio, has guardado el vino bueno hasta ahora. As\u00ed, en Can\u00e1 de Galilea, Jes\u00fas comenz\u00f3 sus signos, manifest\u00f3 su gloria y creci\u00f3 la fe de sus disc\u00edpulos en \u00e9l.<\/p>\n\n\n\n<p>VIII<br>Lectura del santo Evangelio seg\u00fan San Juan: 15, 9-12<\/p>\n\n\n\n<p>En aquel tiempo, dijo Jes\u00fas a sus disc\u00edpulos: Como el Padre me ha amado, as\u00ed os he amado yo: permaneced en mi amor. Si guard\u00e1is mis mandamientos, permanecer\u00e9is en mi amor, lo mismo que yo he guardado los mandamientos de ni\u00a1 Padre y permanezco en su amor. Os he hablado de esto para que mi alegr\u00eda est\u00e9 en vosotros, y vuestra alegr\u00eda llegue a plenitud. Este es mi mandamiento: que os am\u00e9is unos a otros como yo os he amado,<\/p>\n\n\n\n<p>IX<br>Lectura de santo Evangelio seg\u00fan San Juan: 15, 12-16<\/p>\n\n\n\n<p>En aquel tiempo, dijo Jes\u00fas a sus disc\u00edpulos: Este es mi Mandamiento: Que os am\u00e9is unos a otros como yo os he amado. Nadie tiene amor m\u00e1s grande que el que da la vida por sus amigos. Vosotros sois mis amigos, si hac\u00e9is lo que yo os mando. Ya no os llamo siervos, porque el siervo no sabe lo que hace su Se\u00f1or: a vosotros os llamo amigos, porque todo lo que he o\u00eddo a mi Padre os lo he dado a conocer. No sois vosotros los que me hab\u00e9is elegido, soy yo quien o he elegido y os he destinado para que vay\u00e1is y deis fruto, y vuestro fruto dure, de modo que lo que pid\u00e1is al Padre en mi nombre, os lo d\u00e9.<\/p>\n\n\n\n<p>X<br>Lectura del santo Evangelio seg\u00fan San Juan: 17, 20-26<\/p>\n\n\n\n<p>En aquel tiempo, levantando los ojos al cielo, Jes\u00fas dijo: -No s\u00f3lo por ellos ruego, sino tambi\u00e9n por los que crean en m\u00ed por la palabra de ellos, para que todos sean uno, como t\u00fa padre en m\u00ed y yo en ti, que ellos tambi\u00e9n lo sean en nosotros, para que el mundo crea que t\u00fa me has enviado. Tambi\u00e9n les di a ellos la gloria que me diste, para que sean uno, como nosotros somos uno: yo en ellos y t\u00fa en m\u00ed, para que sean completamente uno, de modo que el mundo sepa que t\u00fa me has enviado y los has amado como me has amado a m\u00ed. Padre, \u00e9ste es mi deseo: que los que me confiaste est\u00e9n conmigo, donde yo estoy, y contemplen mi gloria, la que me diste, porque me amabas antes de la fundaci\u00f3n del mundo. Padre justo, si el mundo no te ha conocido, yo te he conocido, y \u00e9stos han conocido que t\u00fa me enviaste. Les he dado a conocer y les dar\u00e9 a conocer tu Nombre, para que el amor que me ten\u00edas est\u00e9 en ellos, como tambi\u00e9n yo estoy en ellos.<\/p>\n","protected":false},"excerpt":{"rendered":"<p>I Lectura del santo Evangelio seg\u00fan San Mateo: 5, 1-12a En aquel tiempo, al ver Jes\u00fas al gent\u00edo, subi\u00f3 a la monta\u00f1a, se sent\u00f3, y se acercaron sus disc\u00edpulos; y \u00e9l se puso a &#8230; <\/p>\n<p class=\"read-more-container\"><a title=\"EVANGELIOS para la celebraci\u00f3n del Matrimonio\" class=\"read-more button\" href=\"https:\/\/fuente.archimadrid.es\/index.php\/evangelios-para-la-celebracion-del-matrimonio\/#more-145\" aria-label=\"Leer m\u00e1s sobre EVANGELIOS para la celebraci\u00f3n del Matrimonio\">Leer m\u00e1s<\/a><\/p>\n","protected":false},"author":1,"featured_media":147,"parent":0,"menu_order":0,"comment_status":"closed","ping_status":"closed","template":"","meta":{"footnotes":""},"class_list":["post-145","page","type-page","status-publish","has-post-thumbnail"],"jetpack-related-posts":[{"id":143,"url":"https:\/\/fuente.archimadrid.es\/index.php\/salmos-responsoriales-para-el-matrimonio\/","url_meta":{"origin":145,"position":0},"title":"SALMOS RESPONSORIALES PARA EL MATRIMONIO","author":"admin","date":"17 de diciembre de 2020","format":false,"excerpt":"I Sal 32,12 y 18. 20-21.22 V. La misericordia del Se\u00f1or llena la tierra. R. La misericordia del Se\u00f1or llena la tierra. V. Dichosa la naci\u00f3n cuyo Dios es el Se\u00f1or, el pueblo que \u00e9l escogi\u00f3 como heredad. Los ojos del Se\u00f1or est\u00e1n puestos en sus fieles, en los que\u2026","rel":"","context":"Entrada similar","block_context":{"text":"Entrada similar","link":""},"img":{"alt_text":"","src":"https:\/\/i0.wp.com\/fuente.archimadrid.es\/wp-content\/uploads\/2020\/12\/salmos2.jpg?fit=800%2C694&ssl=1&resize=350%2C200","width":350,"height":200,"srcset":"https:\/\/i0.wp.com\/fuente.archimadrid.es\/wp-content\/uploads\/2020\/12\/salmos2.jpg?fit=800%2C694&ssl=1&resize=350%2C200 1x, https:\/\/i0.wp.com\/fuente.archimadrid.es\/wp-content\/uploads\/2020\/12\/salmos2.jpg?fit=800%2C694&ssl=1&resize=525%2C300 1.5x, https:\/\/i0.wp.com\/fuente.archimadrid.es\/wp-content\/uploads\/2020\/12\/salmos2.jpg?fit=800%2C694&ssl=1&resize=700%2C400 2x"},"classes":[]},{"id":139,"url":"https:\/\/fuente.archimadrid.es\/index.php\/lecturas-para-el-matrimonio-del-antiguo-testamento\/","url_meta":{"origin":145,"position":1},"title":"Lecturas para el matrimonio del Antiguo Testamento","author":"admin","date":"17 de diciembre de 2020","format":false,"excerpt":"Lectura del libro del G\u00e9nesis: 1, 26-28. 31a Dijo Dios: \u201cHagamos al hombre a nuestra imagen y semejanza; que domine los peces del mar, las aves del cielo, los animales dom\u00e9sticos, los reptiles de la tierra. Y cre\u00f3 Dios al hombre a su imagen; a imagen de Dios lo cre\u00f3,\u2026","rel":"","context":"Entrada similar","block_context":{"text":"Entrada similar","link":""},"img":{"alt_text":"","src":"https:\/\/i0.wp.com\/fuente.archimadrid.es\/wp-content\/uploads\/2020\/12\/bodas-at.jpg?fit=1009%2C800&ssl=1&resize=350%2C200","width":350,"height":200,"srcset":"https:\/\/i0.wp.com\/fuente.archimadrid.es\/wp-content\/uploads\/2020\/12\/bodas-at.jpg?fit=1009%2C800&ssl=1&resize=350%2C200 1x, https:\/\/i0.wp.com\/fuente.archimadrid.es\/wp-content\/uploads\/2020\/12\/bodas-at.jpg?fit=1009%2C800&ssl=1&resize=525%2C300 1.5x, https:\/\/i0.wp.com\/fuente.archimadrid.es\/wp-content\/uploads\/2020\/12\/bodas-at.jpg?fit=1009%2C800&ssl=1&resize=700%2C400 2x"},"classes":[]},{"id":141,"url":"https:\/\/fuente.archimadrid.es\/index.php\/lecturas-para-el-matrimonio-de-las-cartas-apostolicas-nuevo-testamento\/","url_meta":{"origin":145,"position":2},"title":"LECTURAS para el Matrimonio DE LAS CARTAS APOST\u00d3LICAS (NUEVO TESTAMENTO)","author":"admin","date":"17 de diciembre de 2020","format":false,"excerpt":"I Lectura de la carta del Ap\u00f3stol San Pablo a los Romanos: 8, 31b-35. 37-39 Hermanos: Si Dios est\u00e1 con nosotros, \u00bfqui\u00e9n estar\u00e1 contra nosotros? El que no perdon\u00f3 a su propio Hijo, sino que lo entreg\u00f3 a la muerte por nosotros, \u00bfc\u00f3mo no nos dar\u00e1 todo con \u00c9l? \u00bfQui\u00e9n\u2026","rel":"","context":"Entrada similar","block_context":{"text":"Entrada similar","link":""},"img":{"alt_text":"","src":"https:\/\/i0.wp.com\/fuente.archimadrid.es\/wp-content\/uploads\/2020\/12\/lecturas-nt.jpg?fit=1200%2C655&ssl=1&resize=350%2C200","width":350,"height":200,"srcset":"https:\/\/i0.wp.com\/fuente.archimadrid.es\/wp-content\/uploads\/2020\/12\/lecturas-nt.jpg?fit=1200%2C655&ssl=1&resize=350%2C200 1x, https:\/\/i0.wp.com\/fuente.archimadrid.es\/wp-content\/uploads\/2020\/12\/lecturas-nt.jpg?fit=1200%2C655&ssl=1&resize=525%2C300 1.5x, https:\/\/i0.wp.com\/fuente.archimadrid.es\/wp-content\/uploads\/2020\/12\/lecturas-nt.jpg?fit=1200%2C655&ssl=1&resize=700%2C400 2x, https:\/\/i0.wp.com\/fuente.archimadrid.es\/wp-content\/uploads\/2020\/12\/lecturas-nt.jpg?fit=1200%2C655&ssl=1&resize=1050%2C600 3x"},"classes":[]},{"id":158,"url":"https:\/\/fuente.archimadrid.es\/index.php\/rito-de-la-celebracion-del-matrimonio\/","url_meta":{"origin":145,"position":3},"title":"Rito de la celebraci\u00f3n del Matrimonio","author":"admin","date":"17 de diciembre de 2020","format":false,"excerpt":"CELEBRACIO\u0301N DEL MATRIMONIO RITO DEL MATRIMONIOLos novios tienen que responder a la vez a estas tres preguntas previas antes de darse el si\u0301 mutuo para unirse en matrimonio. Son las tres preguntas que afectan a lo esencial del matrimonio. Si se respondiera negativamente a alguna de ellas, o se mintiera\u2026","rel":"","context":"Entrada similar","block_context":{"text":"Entrada similar","link":""},"img":{"alt_text":"","src":"https:\/\/i0.wp.com\/fuente.archimadrid.es\/wp-content\/uploads\/2020\/12\/anillos.jpg?fit=500%2C438&ssl=1&resize=350%2C200","width":350,"height":200},"classes":[]}],"jetpack_sharing_enabled":true,"_links":{"self":[{"href":"https:\/\/fuente.archimadrid.es\/index.php\/wp-json\/wp\/v2\/pages\/145","targetHints":{"allow":["GET"]}}],"collection":[{"href":"https:\/\/fuente.archimadrid.es\/index.php\/wp-json\/wp\/v2\/pages"}],"about":[{"href":"https:\/\/fuente.archimadrid.es\/index.php\/wp-json\/wp\/v2\/types\/page"}],"author":[{"embeddable":true,"href":"https:\/\/fuente.archimadrid.es\/index.php\/wp-json\/wp\/v2\/users\/1"}],"replies":[{"embeddable":true,"href":"https:\/\/fuente.archimadrid.es\/index.php\/wp-json\/wp\/v2\/comments?post=145"}],"version-history":[{"count":1,"href":"https:\/\/fuente.archimadrid.es\/index.php\/wp-json\/wp\/v2\/pages\/145\/revisions"}],"predecessor-version":[{"id":146,"href":"https:\/\/fuente.archimadrid.es\/index.php\/wp-json\/wp\/v2\/pages\/145\/revisions\/146"}],"wp:featuredmedia":[{"embeddable":true,"href":"https:\/\/fuente.archimadrid.es\/index.php\/wp-json\/wp\/v2\/media\/147"}],"wp:attachment":[{"href":"https:\/\/fuente.archimadrid.es\/index.php\/wp-json\/wp\/v2\/media?parent=145"}],"curies":[{"name":"wp","href":"https:\/\/api.w.org\/{rel}","templated":true}]}}